{"id":569,"date":"2023-08-21T09:10:54","date_gmt":"2023-08-21T07:10:54","guid":{"rendered":"https:\/\/proxicleaner.com\/?page_id=569"},"modified":"2026-01-10T16:27:14","modified_gmt":"2026-01-10T15:27:14","slug":"service-nettoyage-pour-les-professionnels-vitres-moquettes-tapis-mobiliers-landes-pays-basque","status":"publish","type":"page","link":"https:\/\/proxicleaner.com\/index.php\/service-nettoyage-pour-les-professionnels-vitres-moquettes-tapis-mobiliers-landes-pays-basque\/","title":{"rendered":"Services de Nettoyage Professionnel pour Entreprises avec Proxicleaner"},"content":{"rendered":"\t\t<div data-elementor-type=\"wp-page\" data-elementor-id=\"569\" class=\"elementor elementor-569\" data-elementor-post-type=\"page\">\n\t\t\t\t\t\t<section class=\"elementor-section elementor-top-section elementor-element elementor-element-pgq17a1 elementor-section-boxed elementor-section-height-default elementor-section-height-default\" data-id=\"pgq17a1\" data-element_type=\"section\" data-e-type=\"section\">\n\t\t\t\t\t\t<div class=\"elementor-container elementor-column-gap-no\">\n\t\t\t\t\t<div class=\"elementor-column elementor-col-100 elementor-top-column elementor-element elementor-element-730f282\" data-id=\"730f282\" data-element_type=\"column\" data-e-type=\"column\">\n\t\t\t<div class=\"elementor-widget-wrap elementor-element-populated\">\n\t\t\t\t\t\t<div class=\"elementor-element elementor-element-f07cc4a elementor-widget elementor-widget-image\" data-id=\"f07cc4a\" data-element_type=\"widget\" data-e-type=\"widget\" data-widget_type=\"image.default\">\n\t\t\t\t<div class=\"elementor-widget-container\">\n\t\t\t\t\t\t\t\t\t\t\t\t\t\t\t<img fetchpriority=\"high\" decoding=\"async\" width=\"1024\" height=\"576\" src=\"https:\/\/proxicleaner.com\/wp-content\/uploads\/2025\/11\/nettoyage-entreprises-professionnels-1024x576.webp\" class=\"attachment-large size-large wp-image-2354\" alt=\"entreprise de nettoyage pour les professionnels sur les landes et pays basque\" srcset=\"https:\/\/proxicleaner.com\/wp-content\/uploads\/2025\/11\/nettoyage-entreprises-professionnels-1024x576.webp 1024w, https:\/\/proxicleaner.com\/wp-content\/uploads\/2025\/11\/nettoyage-entreprises-professionnels-300x169.webp 300w, https:\/\/proxicleaner.com\/wp-content\/uploads\/2025\/11\/nettoyage-entreprises-professionnels-768x432.webp 768w, https:\/\/proxicleaner.com\/wp-content\/uploads\/2025\/11\/nettoyage-entreprises-professionnels-1536x864.webp 1536w, https:\/\/proxicleaner.com\/wp-content\/uploads\/2025\/11\/nettoyage-entreprises-professionnels-600x338.webp 600w, https:\/\/proxicleaner.com\/wp-content\/uploads\/2025\/11\/nettoyage-entreprises-professionnels.webp 1920w\" sizes=\"(max-width: 1024px) 100vw, 1024px\" \/>\t\t\t\t\t\t\t\t\t\t\t\t\t\t\t<\/div>\n\t\t\t\t<\/div>\n\t\t\t\t<div class=\"elementor-element elementor-element-f6960f1 elementor-widget elementor-widget-heading\" data-id=\"f6960f1\" data-element_type=\"widget\" data-e-type=\"widget\" data-widget_type=\"heading.default\">\n\t\t\t\t<div class=\"elementor-widget-container\">\n\t\t\t\t\t<h1 class=\"elementor-heading-title elementor-size-xl\">Nettoyage professionnel pour entreprises, h\u00f4tels, commerces et \u00e9tablissements m\u00e9dicaux<\/h1>\t\t\t\t<\/div>\n\t\t\t\t<\/div>\n\t\t\t\t<div class=\"elementor-element elementor-element-a67eb4e elementor-widget elementor-widget-text-editor\" data-id=\"a67eb4e\" data-element_type=\"widget\" data-e-type=\"widget\" data-widget_type=\"text-editor.default\">\n\t\t\t\t<div class=\"elementor-widget-container\">\n\t\t\t\t\t\t\t\t\t<p data-start=\"703\" data-end=\"746\"><strong data-start=\"703\" data-end=\"746\">Proxicleaner \u2013 Pays Basque &amp; Sud Landes<\/strong><\/p><p data-start=\"748\" data-end=\"975\">Proxicleaner accompagne les entreprises, h\u00f4tels, commerces, cabinets m\u00e9dicaux, laboratoires et structures accueillant du public avec des prestations de nettoyage professionnelles, rigoureuses et adapt\u00e9es \u00e0 chaque environnement.<\/p><p data-start=\"977\" data-end=\"1167\">Bas\u00e9s \u00e0 <strong data-start=\"985\" data-end=\"996\">Anglet<\/strong>, nous couvrons tout le <strong data-start=\"1020\" data-end=\"1027\">BAB<\/strong> (Bayonne, Anglet, Biarritz), ainsi que le <strong data-start=\"1070\" data-end=\"1085\">Pays Basque<\/strong> et le <strong data-start=\"1092\" data-end=\"1110\">Sud des Landes<\/strong>, avec une r\u00e9activit\u00e9 maximale et une expertise reconnue.<\/p>\t\t\t\t\t\t\t\t<\/div>\n\t\t\t\t<\/div>\n\t\t\t\t<div class=\"elementor-element elementor-element-57d86c2 elementor-widget elementor-widget-heading\" data-id=\"57d86c2\" data-element_type=\"widget\" data-e-type=\"widget\" data-widget_type=\"heading.default\">\n\t\t\t\t<div class=\"elementor-widget-container\">\n\t\t\t\t\t<h2 class=\"elementor-heading-title elementor-size-default\">Nos Services pour les entreprises<\/h2>\t\t\t\t<\/div>\n\t\t\t\t<\/div>\n\t\t<div class=\"elementor-element elementor-element-685dd37 e-grid e-con-boxed e-con e-parent\" data-id=\"685dd37\" data-element_type=\"container\" data-e-type=\"container\">\n\t\t\t\t\t<div class=\"e-con-inner\">\n\t\t\t\t<div class=\"elementor-element elementor-element-1b26a2e e-transform e-transform elementor-widget elementor-widget-image\" data-id=\"1b26a2e\" data-element_type=\"widget\" data-e-type=\"widget\" data-settings=\"{&quot;_transform_scale_effect_hover&quot;:{&quot;unit&quot;:&quot;px&quot;,&quot;size&quot;:1.1,&quot;sizes&quot;:[]},&quot;_transform_scale_effect&quot;:{&quot;unit&quot;:&quot;px&quot;,&quot;size&quot;:&quot;&quot;,&quot;sizes&quot;:[]},&quot;_transform_scale_effect_tablet&quot;:{&quot;unit&quot;:&quot;px&quot;,&quot;size&quot;:&quot;&quot;,&quot;sizes&quot;:[]},&quot;_transform_scale_effect_mobile&quot;:{&quot;unit&quot;:&quot;px&quot;,&quot;size&quot;:&quot;&quot;,&quot;sizes&quot;:[]},&quot;_transform_scale_effect_hover_tablet&quot;:{&quot;unit&quot;:&quot;px&quot;,&quot;size&quot;:&quot;&quot;,&quot;sizes&quot;:[]},&quot;_transform_scale_effect_hover_mobile&quot;:{&quot;unit&quot;:&quot;px&quot;,&quot;size&quot;:&quot;&quot;,&quot;sizes&quot;:[]}}\" data-widget_type=\"image.default\">\n\t\t\t\t<div class=\"elementor-widget-container\">\n\t\t\t\t\t\t\t\t\t\t\t\t<figure class=\"wp-caption\">\n\t\t\t\t\t\t\t\t\t\t\t<a href=\"index.php\/nettoyage-de-locaux-professionnels-bureaux-cabinets-a-anglet-biarritz-et-bayonne-landes-et-pays-basque\/\">\n\t\t\t\t\t\t\t<img decoding=\"async\" width=\"300\" height=\"169\" src=\"https:\/\/proxicleaner.com\/wp-content\/uploads\/2025\/11\/locaux-professionnel-300x169.webp\" class=\"attachment-medium size-medium wp-image-2244\" alt=\"\" srcset=\"https:\/\/proxicleaner.com\/wp-content\/uploads\/2025\/11\/locaux-professionnel-300x169.webp 300w, https:\/\/proxicleaner.com\/wp-content\/uploads\/2025\/11\/locaux-professionnel-1024x576.webp 1024w, https:\/\/proxicleaner.com\/wp-content\/uploads\/2025\/11\/locaux-professionnel-768x432.webp 768w, https:\/\/proxicleaner.com\/wp-content\/uploads\/2025\/11\/locaux-professionnel-1536x864.webp 1536w, https:\/\/proxicleaner.com\/wp-content\/uploads\/2025\/11\/locaux-professionnel-600x338.webp 600w, https:\/\/proxicleaner.com\/wp-content\/uploads\/2025\/11\/locaux-professionnel.webp 1920w\" sizes=\"(max-width: 300px) 100vw, 300px\" \/>\t\t\t\t\t\t\t\t<\/a>\n\t\t\t\t\t\t\t\t\t\t\t<figcaption class=\"widget-image-caption wp-caption-text\">Nettoyage pro bureaux cabinet<\/figcaption>\n\t\t\t\t\t\t\t\t\t\t<\/figure>\n\t\t\t\t\t\t\t\t\t<\/div>\n\t\t\t\t<\/div>\n\t\t\t\t<div class=\"elementor-element elementor-element-e5c05b3 e-transform e-transform elementor-widget elementor-widget-image\" data-id=\"e5c05b3\" data-element_type=\"widget\" data-e-type=\"widget\" data-settings=\"{&quot;_transform_scale_effect_hover&quot;:{&quot;unit&quot;:&quot;px&quot;,&quot;size&quot;:1.1,&quot;sizes&quot;:[]},&quot;_transform_scale_effect&quot;:{&quot;unit&quot;:&quot;px&quot;,&quot;size&quot;:&quot;&quot;,&quot;sizes&quot;:[]},&quot;_transform_scale_effect_tablet&quot;:{&quot;unit&quot;:&quot;px&quot;,&quot;size&quot;:&quot;&quot;,&quot;sizes&quot;:[]},&quot;_transform_scale_effect_mobile&quot;:{&quot;unit&quot;:&quot;px&quot;,&quot;size&quot;:&quot;&quot;,&quot;sizes&quot;:[]},&quot;_transform_scale_effect_hover_tablet&quot;:{&quot;unit&quot;:&quot;px&quot;,&quot;size&quot;:&quot;&quot;,&quot;sizes&quot;:[]},&quot;_transform_scale_effect_hover_mobile&quot;:{&quot;unit&quot;:&quot;px&quot;,&quot;size&quot;:&quot;&quot;,&quot;sizes&quot;:[]}}\" data-widget_type=\"image.default\">\n\t\t\t\t<div class=\"elementor-widget-container\">\n\t\t\t\t\t\t\t\t\t\t\t\t<figure class=\"wp-caption\">\n\t\t\t\t\t\t\t\t\t\t\t<a href=\"index.php\/nettoyage-de-magasins-restaurants-bureaux-collectivites-a-anglet-biarritz-et-bayonne-landes-et-pays-basque\/\">\n\t\t\t\t\t\t\t<img decoding=\"async\" width=\"300\" height=\"169\" src=\"https:\/\/proxicleaner.com\/wp-content\/uploads\/2025\/11\/magasins-restaurants-300x169.webp\" class=\"attachment-medium size-medium wp-image-2257\" alt=\"\" srcset=\"https:\/\/proxicleaner.com\/wp-content\/uploads\/2025\/11\/magasins-restaurants-300x169.webp 300w, https:\/\/proxicleaner.com\/wp-content\/uploads\/2025\/11\/magasins-restaurants-1024x576.webp 1024w, https:\/\/proxicleaner.com\/wp-content\/uploads\/2025\/11\/magasins-restaurants-768x432.webp 768w, https:\/\/proxicleaner.com\/wp-content\/uploads\/2025\/11\/magasins-restaurants-1536x864.webp 1536w, https:\/\/proxicleaner.com\/wp-content\/uploads\/2025\/11\/magasins-restaurants-600x338.webp 600w, https:\/\/proxicleaner.com\/wp-content\/uploads\/2025\/11\/magasins-restaurants.webp 1920w\" sizes=\"(max-width: 300px) 100vw, 300px\" \/>\t\t\t\t\t\t\t\t<\/a>\n\t\t\t\t\t\t\t\t\t\t\t<figcaption class=\"widget-image-caption wp-caption-text\">Nettoyage pro commerces<\/figcaption>\n\t\t\t\t\t\t\t\t\t\t<\/figure>\n\t\t\t\t\t\t\t\t\t<\/div>\n\t\t\t\t<\/div>\n\t\t\t\t<div class=\"elementor-element elementor-element-f71dc72 e-transform e-transform elementor-widget elementor-widget-image\" data-id=\"f71dc72\" data-element_type=\"widget\" data-e-type=\"widget\" data-settings=\"{&quot;_transform_scale_effect_hover&quot;:{&quot;unit&quot;:&quot;px&quot;,&quot;size&quot;:1.1,&quot;sizes&quot;:[]},&quot;_transform_scale_effect&quot;:{&quot;unit&quot;:&quot;px&quot;,&quot;size&quot;:&quot;&quot;,&quot;sizes&quot;:[]},&quot;_transform_scale_effect_tablet&quot;:{&quot;unit&quot;:&quot;px&quot;,&quot;size&quot;:&quot;&quot;,&quot;sizes&quot;:[]},&quot;_transform_scale_effect_mobile&quot;:{&quot;unit&quot;:&quot;px&quot;,&quot;size&quot;:&quot;&quot;,&quot;sizes&quot;:[]},&quot;_transform_scale_effect_hover_tablet&quot;:{&quot;unit&quot;:&quot;px&quot;,&quot;size&quot;:&quot;&quot;,&quot;sizes&quot;:[]},&quot;_transform_scale_effect_hover_mobile&quot;:{&quot;unit&quot;:&quot;px&quot;,&quot;size&quot;:&quot;&quot;,&quot;sizes&quot;:[]}}\" data-widget_type=\"image.default\">\n\t\t\t\t<div class=\"elementor-widget-container\">\n\t\t\t\t\t\t\t\t\t\t\t\t<figure class=\"wp-caption\">\n\t\t\t\t\t\t\t\t\t\t\t<a href=\"index.php\/nettoyage-haute-pression-a-biarritz-bayonne-et-anglet\/\">\n\t\t\t\t\t\t\t<img loading=\"lazy\" decoding=\"async\" width=\"300\" height=\"169\" src=\"https:\/\/proxicleaner.com\/wp-content\/uploads\/2025\/11\/nettoyage-canapes-pro-300x169.webp\" class=\"attachment-medium size-medium wp-image-2364\" alt=\"\" srcset=\"https:\/\/proxicleaner.com\/wp-content\/uploads\/2025\/11\/nettoyage-canapes-pro-300x169.webp 300w, https:\/\/proxicleaner.com\/wp-content\/uploads\/2025\/11\/nettoyage-canapes-pro-1024x576.webp 1024w, https:\/\/proxicleaner.com\/wp-content\/uploads\/2025\/11\/nettoyage-canapes-pro-768x432.webp 768w, https:\/\/proxicleaner.com\/wp-content\/uploads\/2025\/11\/nettoyage-canapes-pro-1536x864.webp 1536w, https:\/\/proxicleaner.com\/wp-content\/uploads\/2025\/11\/nettoyage-canapes-pro-600x338.webp 600w, https:\/\/proxicleaner.com\/wp-content\/uploads\/2025\/11\/nettoyage-canapes-pro.webp 1920w\" sizes=\"(max-width: 300px) 100vw, 300px\" \/>\t\t\t\t\t\t\t\t<\/a>\n\t\t\t\t\t\t\t\t\t\t\t<figcaption class=\"widget-image-caption wp-caption-text\">Nettoyage canap\u00e9, tissus pro<\/figcaption>\n\t\t\t\t\t\t\t\t\t\t<\/figure>\n\t\t\t\t\t\t\t\t\t<\/div>\n\t\t\t\t<\/div>\n\t\t\t\t<div class=\"elementor-element elementor-element-a917111 e-transform e-transform elementor-widget elementor-widget-image\" data-id=\"a917111\" data-element_type=\"widget\" data-e-type=\"widget\" data-settings=\"{&quot;_transform_scale_effect_hover&quot;:{&quot;unit&quot;:&quot;px&quot;,&quot;size&quot;:1.1,&quot;sizes&quot;:[]},&quot;_transform_scale_effect&quot;:{&quot;unit&quot;:&quot;px&quot;,&quot;size&quot;:&quot;&quot;,&quot;sizes&quot;:[]},&quot;_transform_scale_effect_tablet&quot;:{&quot;unit&quot;:&quot;px&quot;,&quot;size&quot;:&quot;&quot;,&quot;sizes&quot;:[]},&quot;_transform_scale_effect_mobile&quot;:{&quot;unit&quot;:&quot;px&quot;,&quot;size&quot;:&quot;&quot;,&quot;sizes&quot;:[]},&quot;_transform_scale_effect_hover_tablet&quot;:{&quot;unit&quot;:&quot;px&quot;,&quot;size&quot;:&quot;&quot;,&quot;sizes&quot;:[]},&quot;_transform_scale_effect_hover_mobile&quot;:{&quot;unit&quot;:&quot;px&quot;,&quot;size&quot;:&quot;&quot;,&quot;sizes&quot;:[]}}\" data-widget_type=\"image.default\">\n\t\t\t\t<div class=\"elementor-widget-container\">\n\t\t\t\t\t\t\t\t\t\t\t\t<figure class=\"wp-caption\">\n\t\t\t\t\t\t\t\t\t\t\t<a href=\"index.php\/nettoyage-moquette-tapis-hotel-residence-bab\/\">\n\t\t\t\t\t\t\t<img loading=\"lazy\" decoding=\"async\" width=\"300\" height=\"169\" src=\"https:\/\/proxicleaner.com\/wp-content\/uploads\/2025\/11\/tapis-moquettes-hotels-300x169.webp\" class=\"attachment-medium size-medium wp-image-2333\" alt=\"\" srcset=\"https:\/\/proxicleaner.com\/wp-content\/uploads\/2025\/11\/tapis-moquettes-hotels-300x169.webp 300w, https:\/\/proxicleaner.com\/wp-content\/uploads\/2025\/11\/tapis-moquettes-hotels-1024x576.webp 1024w, https:\/\/proxicleaner.com\/wp-content\/uploads\/2025\/11\/tapis-moquettes-hotels-768x432.webp 768w, https:\/\/proxicleaner.com\/wp-content\/uploads\/2025\/11\/tapis-moquettes-hotels-1536x864.webp 1536w, https:\/\/proxicleaner.com\/wp-content\/uploads\/2025\/11\/tapis-moquettes-hotels-600x338.webp 600w, https:\/\/proxicleaner.com\/wp-content\/uploads\/2025\/11\/tapis-moquettes-hotels.webp 1920w\" sizes=\"(max-width: 300px) 100vw, 300px\" \/>\t\t\t\t\t\t\t\t<\/a>\n\t\t\t\t\t\t\t\t\t\t\t<figcaption class=\"widget-image-caption wp-caption-text\">Nettoyage sols hotels resto<\/figcaption>\n\t\t\t\t\t\t\t\t\t\t<\/figure>\n\t\t\t\t\t\t\t\t\t<\/div>\n\t\t\t\t<\/div>\n\t\t\t\t<div class=\"elementor-element elementor-element-e1f30f4 e-transform e-transform elementor-widget elementor-widget-image\" data-id=\"e1f30f4\" data-element_type=\"widget\" data-e-type=\"widget\" data-settings=\"{&quot;_transform_scale_effect_hover&quot;:{&quot;unit&quot;:&quot;px&quot;,&quot;size&quot;:1.1,&quot;sizes&quot;:[]},&quot;_transform_scale_effect&quot;:{&quot;unit&quot;:&quot;px&quot;,&quot;size&quot;:&quot;&quot;,&quot;sizes&quot;:[]},&quot;_transform_scale_effect_tablet&quot;:{&quot;unit&quot;:&quot;px&quot;,&quot;size&quot;:&quot;&quot;,&quot;sizes&quot;:[]},&quot;_transform_scale_effect_mobile&quot;:{&quot;unit&quot;:&quot;px&quot;,&quot;size&quot;:&quot;&quot;,&quot;sizes&quot;:[]},&quot;_transform_scale_effect_hover_tablet&quot;:{&quot;unit&quot;:&quot;px&quot;,&quot;size&quot;:&quot;&quot;,&quot;sizes&quot;:[]},&quot;_transform_scale_effect_hover_mobile&quot;:{&quot;unit&quot;:&quot;px&quot;,&quot;size&quot;:&quot;&quot;,&quot;sizes&quot;:[]}}\" data-widget_type=\"image.default\">\n\t\t\t\t<div class=\"elementor-widget-container\">\n\t\t\t\t\t\t\t\t\t\t\t\t<figure class=\"wp-caption\">\n\t\t\t\t\t\t\t\t\t\t\t<a href=\"index.php\/nettoyage-de-matelas-a-domicile-a-bayonne-anglet-et-biarritz-landes-et-pays-basque\/\">\n\t\t\t\t\t\t\t<img loading=\"lazy\" decoding=\"async\" width=\"300\" height=\"169\" src=\"https:\/\/proxicleaner.com\/wp-content\/uploads\/2025\/11\/matelas-300x169.webp\" class=\"attachment-medium size-medium wp-image-2173\" alt=\"\" srcset=\"https:\/\/proxicleaner.com\/wp-content\/uploads\/2025\/11\/matelas-300x169.webp 300w, https:\/\/proxicleaner.com\/wp-content\/uploads\/2025\/11\/matelas-1024x576.webp 1024w, https:\/\/proxicleaner.com\/wp-content\/uploads\/2025\/11\/matelas-768x432.webp 768w, https:\/\/proxicleaner.com\/wp-content\/uploads\/2025\/11\/matelas-1536x864.webp 1536w, https:\/\/proxicleaner.com\/wp-content\/uploads\/2025\/11\/matelas-600x338.webp 600w, https:\/\/proxicleaner.com\/wp-content\/uploads\/2025\/11\/matelas.webp 1920w\" sizes=\"(max-width: 300px) 100vw, 300px\" \/>\t\t\t\t\t\t\t\t<\/a>\n\t\t\t\t\t\t\t\t\t\t\t<figcaption class=\"widget-image-caption wp-caption-text\">Nettoyage matelas<\/figcaption>\n\t\t\t\t\t\t\t\t\t\t<\/figure>\n\t\t\t\t\t\t\t\t\t<\/div>\n\t\t\t\t<\/div>\n\t\t\t\t<div class=\"elementor-element elementor-element-8685ff1 e-transform e-transform elementor-widget elementor-widget-image\" data-id=\"8685ff1\" data-element_type=\"widget\" data-e-type=\"widget\" data-settings=\"{&quot;_transform_scale_effect_hover&quot;:{&quot;unit&quot;:&quot;px&quot;,&quot;size&quot;:1.1,&quot;sizes&quot;:[]},&quot;_transform_scale_effect&quot;:{&quot;unit&quot;:&quot;px&quot;,&quot;size&quot;:&quot;&quot;,&quot;sizes&quot;:[]},&quot;_transform_scale_effect_tablet&quot;:{&quot;unit&quot;:&quot;px&quot;,&quot;size&quot;:&quot;&quot;,&quot;sizes&quot;:[]},&quot;_transform_scale_effect_mobile&quot;:{&quot;unit&quot;:&quot;px&quot;,&quot;size&quot;:&quot;&quot;,&quot;sizes&quot;:[]},&quot;_transform_scale_effect_hover_tablet&quot;:{&quot;unit&quot;:&quot;px&quot;,&quot;size&quot;:&quot;&quot;,&quot;sizes&quot;:[]},&quot;_transform_scale_effect_hover_mobile&quot;:{&quot;unit&quot;:&quot;px&quot;,&quot;size&quot;:&quot;&quot;,&quot;sizes&quot;:[]}}\" data-widget_type=\"image.default\">\n\t\t\t\t<div class=\"elementor-widget-container\">\n\t\t\t\t\t\t\t\t\t\t\t\t<figure class=\"wp-caption\">\n\t\t\t\t\t\t\t\t\t\t\t<a href=\"index.php\/nettoyage-de-vitres-pour-particuliers-a-anglet-bayonne-et-biarritz-landes-et-pays-basque\/\">\n\t\t\t\t\t\t\t<img loading=\"lazy\" decoding=\"async\" width=\"300\" height=\"169\" src=\"https:\/\/proxicleaner.com\/wp-content\/uploads\/2025\/11\/vitres-proxi-300x169.webp\" class=\"attachment-medium size-medium wp-image-2197\" alt=\"\" srcset=\"https:\/\/proxicleaner.com\/wp-content\/uploads\/2025\/11\/vitres-proxi-300x169.webp 300w, https:\/\/proxicleaner.com\/wp-content\/uploads\/2025\/11\/vitres-proxi-1024x576.webp 1024w, https:\/\/proxicleaner.com\/wp-content\/uploads\/2025\/11\/vitres-proxi-768x432.webp 768w, https:\/\/proxicleaner.com\/wp-content\/uploads\/2025\/11\/vitres-proxi-1536x864.webp 1536w, https:\/\/proxicleaner.com\/wp-content\/uploads\/2025\/11\/vitres-proxi-600x338.webp 600w, https:\/\/proxicleaner.com\/wp-content\/uploads\/2025\/11\/vitres-proxi.webp 1920w\" sizes=\"(max-width: 300px) 100vw, 300px\" \/>\t\t\t\t\t\t\t\t<\/a>\n\t\t\t\t\t\t\t\t\t\t\t<figcaption class=\"widget-image-caption wp-caption-text\">Nettoyage vitres<\/figcaption>\n\t\t\t\t\t\t\t\t\t\t<\/figure>\n\t\t\t\t\t\t\t\t\t<\/div>\n\t\t\t\t<\/div>\n\t\t\t\t\t<\/div>\n\t\t\t\t<\/div>\n\t\t\t\t<div class=\"elementor-element elementor-element-fc3c10a elementor-widget elementor-widget-heading\" data-id=\"fc3c10a\" data-element_type=\"widget\" data-e-type=\"widget\" data-widget_type=\"heading.default\">\n\t\t\t\t<div class=\"elementor-widget-container\">\n\t\t\t\t\t<h2 class=\"elementor-heading-title elementor-size-xl\">Pourquoi Choisir Proxicleaner<\/h2>\t\t\t\t<\/div>\n\t\t\t\t<\/div>\n\t\t\t\t<div class=\"elementor-element elementor-element-e612061 elementor-widget elementor-widget-text-editor\" data-id=\"e612061\" data-element_type=\"widget\" data-e-type=\"widget\" data-widget_type=\"text-editor.default\">\n\t\t\t\t<div class=\"elementor-widget-container\">\n\t\t\t\t\t\t\t\t\t<p>Chez Proxicleaner, nous comprenons l&rsquo;importance de maintenir un environnement propre et impeccable pour impressionner vos clients et offrir une exp\u00e9rience exceptionnelle. Notre \u00e9quipe hautement qualifi\u00e9e est form\u00e9e pour fournir des services de nettoyage personnalis\u00e9s et adapt\u00e9s \u00e0 votre secteur d&rsquo;activit\u00e9.<\/p>\t\t\t\t\t\t\t\t<\/div>\n\t\t\t\t<\/div>\n\t\t<div class=\"elementor-element elementor-element-b32b897 e-flex e-con-boxed e-con e-parent\" data-id=\"b32b897\" data-element_type=\"container\" data-e-type=\"container\">\n\t\t\t\t\t<div class=\"e-con-inner\">\n\t\t<div class=\"elementor-element elementor-element-836d596 e-con-full e-flex e-con e-child\" data-id=\"836d596\" data-element_type=\"container\" data-e-type=\"container\">\n\t\t<div class=\"elementor-element elementor-element-e953e4b e-con-full e-flex e-con e-child\" data-id=\"e953e4b\" data-element_type=\"container\" data-e-type=\"container\">\n\t\t<div class=\"elementor-element elementor-element-fc7e8e5 e-grid e-con-full e-con e-child\" data-id=\"fc7e8e5\" data-element_type=\"container\" data-e-type=\"container\">\n\t\t\t\t<div class=\"elementor-element elementor-element-d131b22 elementor-widget elementor-widget-image\" data-id=\"d131b22\" data-element_type=\"widget\" data-e-type=\"widget\" data-widget_type=\"image.default\">\n\t\t\t\t<div class=\"elementor-widget-container\">\n\t\t\t\t\t\t\t\t\t\t\t\t\t\t\t\t<a href=\"index.php\/avis-et-temoignanges-de-nos-clients-nettoyage-landes-et-pays-basque\/\">\n\t\t\t\t\t\t\t<img decoding=\"async\" src=\"https:\/\/proxicleaner.com\/wp-content\/uploads\/elementor\/thumbs\/temoignages-avant-apres-video-nettoyage-BAB-rf1j3g1f7wt7l83jpnv07ov9ih7ch59e1ys47zr1mo.png\" title=\"temoignages-avant-apres-video-nettoyage-BAB\" alt=\"temoignages-avant-apres-video-nettoyage-BAB\" class=\"elementor-animation-push\" loading=\"lazy\" \/>\t\t\t\t\t\t\t\t<\/a>\n\t\t\t\t\t\t\t\t\t\t\t\t\t\t\t<\/div>\n\t\t\t\t<\/div>\n\t\t\t\t<div class=\"elementor-element elementor-element-060b785 elementor-widget elementor-widget-heading\" data-id=\"060b785\" data-element_type=\"widget\" data-e-type=\"widget\" data-widget_type=\"heading.default\">\n\t\t\t\t<div class=\"elementor-widget-container\">\n\t\t\t\t\t<h4 class=\"elementor-heading-title elementor-size-default\"><a href=\"index.php\/avis-et-temoignanges-de-nos-clients-nettoyage-landes-et-pays-basque\/\">Voir tous les avis, t\u00e9moignages et videos<\/a><\/h4>\t\t\t\t<\/div>\n\t\t\t\t<\/div>\n\t\t\t\t<\/div>\n\t\t\t\t<\/div>\n\t\t\t\t<\/div>\n\t\t\t\t<div class=\"elementor-element elementor-element-a7935d4 elementor-widget elementor-widget-text-editor\" data-id=\"a7935d4\" data-element_type=\"widget\" data-e-type=\"widget\" data-widget_type=\"text-editor.default\">\n\t\t\t\t<div class=\"elementor-widget-container\">\n\t\t\t\t\t\t\t\t\t<h2 data-start=\"1174\" data-end=\"1221\">Nos services professionnels en un coup d\u2019\u0153il<\/h2><h3 data-start=\"1223\" data-end=\"1264\">Nettoyage de bureaux et open-spaces<\/h3><p data-start=\"1265\" data-end=\"1416\">Pour des espaces de travail propres, sains et accueillants : sols, vitres, surfaces, sanitaires, d\u00e9sinfection des points de contact, salles de r\u00e9union.<\/p><h3 data-start=\"1418\" data-end=\"1462\">Entretien des commerces et restaurants<\/h3><p data-start=\"1463\" data-end=\"1596\">Sols brillants, vitrines impeccables, zones d\u2019accueil valoris\u00e9es. Interventions en horaires d\u00e9cal\u00e9s pour ne pas g\u00eaner votre activit\u00e9.<\/p><h3 data-start=\"1598\" data-end=\"1644\">Nettoyage h\u00f4telier et r\u00e9sidences seniors<\/h3><p data-start=\"1645\" data-end=\"1840\">Entretien des tapis, moquettes, chambres, couloirs, espaces communs et zones de passage. M\u00e9thodes adapt\u00e9es aux environnements sensibles, \u00e0 forte fr\u00e9quentation ou accueillant des publics fragiles.<\/p><h3 data-start=\"1842\" data-end=\"1881\">Cabinets m\u00e9dicaux et laboratoires<\/h3><p data-start=\"1882\" data-end=\"2054\">Prestations conformes aux exigences sanitaires : d\u00e9sinfection, protocoles adapt\u00e9s, lingettes cod\u00e9es couleur, produits norme EN14476, gestion rigoureuse des zones sensibles.<\/p><h3 data-start=\"2056\" data-end=\"2095\">Nettoyage des sols professionnels<\/h3><p data-start=\"2096\" data-end=\"2227\">Carrelage, PVC, r\u00e9sine, dalle textile, parquet technique : aspiration, lavage, autolaveuse, monobrosse, d\u00e9capage et remise en \u00e9tat.<\/p><h3 data-start=\"2229\" data-end=\"2271\">Nettoyage de vitres professionnelles<\/h3><p data-start=\"2272\" data-end=\"2414\">Fa\u00e7ades vitr\u00e9es accessibles, vitrines de magasins, cloisons vitr\u00e9es int\u00e9rieures, baies vitr\u00e9es et verri\u00e8res. R\u00e9sultat impeccable, sans traces.<\/p><h3 data-start=\"2416\" data-end=\"2459\">Tapis, moquettes et surfaces textiles<\/h3><p data-start=\"2460\" data-end=\"2624\">Injection\u2013extraction, nettoyage vapeur, d\u00e9sinfection, suppression des odeurs, traitement anti-allerg\u00e8ne. Id\u00e9al pour h\u00f4tels, r\u00e9sidences seniors, salles de r\u00e9ception.<\/p>\t\t\t\t\t\t\t\t<\/div>\n\t\t\t\t<\/div>\n\t\t\t\t<div class=\"elementor-element elementor-element-adb30da elementor-widget elementor-widget-menu-anchor\" data-id=\"adb30da\" data-element_type=\"widget\" data-e-type=\"widget\" data-widget_type=\"menu-anchor.default\">\n\t\t\t\t<div class=\"elementor-widget-container\">\n\t\t\t\t\t\t\t<div class=\"elementor-menu-anchor\" id=\"canape-pro\"><\/div>\n\t\t\t\t\t\t<\/div>\n\t\t\t\t<\/div>\n\t\t\t\t\t<\/div>\n\t\t\t\t<\/div>\n\t\t\t\t<div class=\"elementor-element elementor-element-7827d34 elementor-widget elementor-widget-text-editor\" data-id=\"7827d34\" data-element_type=\"widget\" data-e-type=\"widget\" data-widget_type=\"text-editor.default\">\n\t\t\t\t<div class=\"elementor-widget-container\">\n\t\t\t\t\t\t\t\t\t<h2 data-start=\"2631\" data-end=\"2668\">Notre expertise et nos engagements<\/h2><h3 data-start=\"2670\" data-end=\"2708\">Du mat\u00e9riel professionnel adapt\u00e9<\/h3><p data-start=\"2709\" data-end=\"2918\">Autolaveuses, monobrosses, aspirateurs HEPA, injecteurs\u2013extracteurs, eau osmos\u00e9e, raclettes professionnelles.<br data-start=\"2818\" data-end=\"2821\" \/>Nous adaptons nos outils \u00e0 chaque environnement : h\u00f4telier, m\u00e9dical, commercial ou administratif.<\/p><h3 data-start=\"2920\" data-end=\"2959\">Produits professionnels certifi\u00e9s<\/h3><p data-start=\"2960\" data-end=\"3155\">Produits d\u00e9sinfectants <strong data-start=\"2983\" data-end=\"2994\">EN14476<\/strong>, solutions \u00e9cologiques pour les zones non m\u00e9dicales, produits basse \u00e9manation pour les r\u00e9sidences seniors, nettoyants sp\u00e9cialis\u00e9s pour les rev\u00eatements textiles.<\/p><h3 data-start=\"3157\" data-end=\"3203\">M\u00e9thodes \u00e9prouv\u00e9es et protocoles stricts<\/h3><ul data-start=\"3204\" data-end=\"3402\"><li data-start=\"3204\" data-end=\"3240\"><p data-start=\"3206\" data-end=\"3240\">zonage (critique \/ non critique)<\/p><\/li><li data-start=\"3241\" data-end=\"3278\"><p data-start=\"3243\" data-end=\"3278\">d\u00e9sinfection des points sensibles<\/p><\/li><li data-start=\"3279\" data-end=\"3312\"><p data-start=\"3281\" data-end=\"3312\">nettoyage du haut vers le bas<\/p><\/li><li data-start=\"3313\" data-end=\"3346\"><p data-start=\"3315\" data-end=\"3346\">tra\u00e7abilit\u00e9 des interventions<\/p><\/li><li data-start=\"3347\" data-end=\"3402\"><p data-start=\"3349\" data-end=\"3402\">respect strict des r\u00e8gles sanitaires selon le secteur<\/p><\/li><\/ul><h3 data-start=\"3404\" data-end=\"3428\">Flexibilit\u00e9 totale<\/h3><p data-start=\"3429\" data-end=\"3539\">Interventions t\u00f4t le matin, tard le soir, pendant vos fermetures ou en horaires d\u00e9cal\u00e9s selon vos contraintes.<\/p><h3 data-start=\"3541\" data-end=\"3581\">Une entreprise locale de confiance<\/h3><p data-start=\"3582\" data-end=\"3763\">Proximit\u00e9, r\u00e9activit\u00e9, continuit\u00e9 de service et \u00e9quipe form\u00e9e en interne.<br data-start=\"3655\" data-end=\"3658\" \/>Proxicleaner est implant\u00e9 au c\u0153ur du Pays Basque, \u00e0 quelques minutes des principaux p\u00f4les professionnels.<\/p><hr data-start=\"3765\" data-end=\"3768\" \/><h2 data-start=\"3770\" data-end=\"3793\">Zones d\u2019intervention<\/h2><p data-start=\"3795\" data-end=\"3842\">Nous intervenons dans l\u2019ensemble du secteur :<\/p><ul data-start=\"3843\" data-end=\"4070\"><li data-start=\"3843\" data-end=\"3969\"><p data-start=\"3845\" data-end=\"3969\"><strong data-start=\"3845\" data-end=\"3862\">Pays Basque :<\/strong> Bayonne, Anglet, Biarritz, Bidart, Arcangues, Bassussarry, Ustaritz, Saint-Jean-de-Luz, Ascain, Urrugne\u2026<\/p><\/li><li data-start=\"3970\" data-end=\"4070\"><p data-start=\"3972\" data-end=\"4070\"><strong data-start=\"3972\" data-end=\"3988\">Sud Landes :<\/strong> Tarnos, Boucau, Ondres, Labenne, Capbreton, Hossegor, Seignosse, Benesse-Maremne\u2026<\/p><\/li><\/ul><hr data-start=\"4072\" data-end=\"4075\" \/><h2 data-start=\"4077\" data-end=\"4104\">Prestations d\u00e9taill\u00e9es<\/h2><p data-start=\"4105\" data-end=\"4154\">Retrouvez nos pages d\u00e9di\u00e9es pour chaque secteur :<\/p><ul data-start=\"4156\" data-end=\"4502\"><li data-start=\"4156\" data-end=\"4195\"><p data-start=\"4158\" data-end=\"4195\"><strong data-start=\"4158\" data-end=\"4193\">Nettoyage bureaux &amp; open-spaces<\/strong><\/p><\/li><li data-start=\"4196\" data-end=\"4237\"><p data-start=\"4198\" data-end=\"4237\"><strong data-start=\"4198\" data-end=\"4235\">Nettoyage commerces &amp; restaurants<\/strong><\/p><\/li><li data-start=\"4238\" data-end=\"4283\"><p data-start=\"4240\" data-end=\"4283\"><strong data-start=\"4240\" data-end=\"4281\">Nettoyage h\u00f4tels &amp; r\u00e9sidences seniors<\/strong><\/p><\/li><li data-start=\"4284\" data-end=\"4319\"><p data-start=\"4286\" data-end=\"4319\"><strong data-start=\"4286\" data-end=\"4317\">Nettoyage cabinets m\u00e9dicaux<\/strong><\/p><\/li><li data-start=\"4320\" data-end=\"4368\"><p data-start=\"4322\" data-end=\"4368\"><strong data-start=\"4322\" data-end=\"4366\">Nettoyage laboratoires &amp; zones sensibles<\/strong><\/p><\/li><li data-start=\"4369\" data-end=\"4419\"><p data-start=\"4371\" data-end=\"4419\"><strong data-start=\"4371\" data-end=\"4417\">Nettoyage tapis &amp; moquettes professionnels<\/strong><\/p><\/li><li data-start=\"4420\" data-end=\"4459\"><p data-start=\"4422\" data-end=\"4459\"><strong data-start=\"4422\" data-end=\"4457\">Nettoyage vitres professionnels<\/strong><\/p><\/li><li data-start=\"4460\" data-end=\"4502\"><p data-start=\"4462\" data-end=\"4502\"><strong data-start=\"4462\" data-end=\"4502\">Sols professionnels &amp; remise en \u00e9tat<\/strong><\/p><\/li><\/ul><h2 data-start=\"4588\" data-end=\"4627\">Demandez votre devis professionnel<\/h2><p data-start=\"4628\" data-end=\"4811\">Proxicleaner vous accompagne avec des prestations sur mesure, adapt\u00e9es \u00e0 vos locaux et \u00e0 votre secteur d\u2019activit\u00e9.<br data-start=\"4742\" data-end=\"4745\" \/>Contactez-nous pour une visite de site et une estimation gratuite.<\/p>\t\t\t\t\t\t\t\t<\/div>\n\t\t\t\t<\/div>\n\t\t<div class=\"elementor-element elementor-element-999fb78 e-flex e-con-boxed e-con e-parent\" data-id=\"999fb78\" data-element_type=\"container\" data-e-type=\"container\">\n\t\t\t\t\t<div class=\"e-con-inner\">\n\t\t<div class=\"elementor-element elementor-element-a35e197 e-con-full e-flex e-con e-child\" data-id=\"a35e197\" data-element_type=\"container\" data-e-type=\"container\">\n\t\t<div class=\"elementor-element elementor-element-63e3ce8 e-con-full e-flex e-con e-child\" data-id=\"63e3ce8\" data-element_type=\"container\" data-e-type=\"container\">\n\t\t\t\t<div class=\"elementor-element elementor-element-9c0006b elementor-widget elementor-widget-heading\" data-id=\"9c0006b\" data-element_type=\"widget\" data-e-type=\"widget\" data-widget_type=\"heading.default\">\n\t\t\t\t<div class=\"elementor-widget-container\">\n\t\t\t\t\t<h2 class=\"elementor-heading-title elementor-size-default\">Besoin d'un renseignement ? Un tarif  ?<\/h2>\t\t\t\t<\/div>\n\t\t\t\t<\/div>\n\t\t\t\t<div class=\"elementor-element elementor-element-5f09994 elementor-widget elementor-widget-shortcode\" data-id=\"5f09994\" data-element_type=\"widget\" data-e-type=\"widget\" data-widget_type=\"shortcode.default\">\n\t\t\t\t<div class=\"elementor-widget-container\">\n\t\t\t\t\t\t\t<div class=\"elementor-shortcode\">\n\t\t\t\t\t\t<script>\n\t\t\t\t\t\t\twindow.hsFormsOnReady = window.hsFormsOnReady || [];\n\t\t\t\t\t\t\twindow.hsFormsOnReady.push(()=>{\n\t\t\t\t\t\t\t\thbspt.forms.create({\n\t\t\t\t\t\t\t\t\tportalId: 143651438,\n\t\t\t\t\t\t\t\t\tformId: \"ac1fccf2-6ebc-4184-9a22-af9d53209320\",\n\t\t\t\t\t\t\t\t\ttarget: \"#hbspt-form-1777550893000-5759996047\",\n\t\t\t\t\t\t\t\t\tregion: \"eu1\",\n\t\t\t\t\t\t\t\t\t\n\t\t\t\t\t\t\t})});\n\t\t\t\t\t\t<\/script>\n\t\t\t\t\t\t<div class=\"hbspt-form\" id=\"hbspt-form-1777550893000-5759996047\"><\/div><\/div>\n\t\t\t\t\t\t<\/div>\n\t\t\t\t<\/div>\n\t\t\t\t<\/div>\n\t\t\t\t<\/div>\n\t\t\t\t\t<\/div>\n\t\t\t\t<\/div>\n\t\t\t\t\t<\/div>\n\t\t<\/div>\n\t\t\t\t\t<\/div>\n\t\t<\/section>\n\t\t\t\t<\/div>\n\t\t","protected":false},"excerpt":{"rendered":"<p>Nettoyage professionnel pour entreprises, h\u00f4tels, commerces et \u00e9tablissements m\u00e9dicaux Proxicleaner \u2013 Pays Basque &amp; Sud Landes Proxicleaner accompagne les entreprises, h\u00f4tels, commerces, cabinets m\u00e9dicaux, laboratoires et structures accueillant du public avec des prestations de nettoyage professionnelles, rigoureuses et adapt\u00e9es \u00e0 chaque environnement. Bas\u00e9s \u00e0 Anglet, nous couvrons tout le BAB (Bayonne, Anglet, Biarritz), ainsi que [&hellip;]<\/p>\n","protected":false},"author":3,"featured_media":0,"parent":0,"menu_order":0,"comment_status":"closed","ping_status":"closed","template":"","meta":{"content-type":"","site-sidebar-layout":"no-sidebar","site-content-layout":"page-builder","ast-site-content-layout":"default","site-content-style":"default","site-sidebar-style":"default","ast-global-header-display":"","ast-banner-title-visibility":"","ast-main-header-display":"","ast-hfb-above-header-display":"","ast-hfb-below-header-display":"","ast-hfb-mobile-header-display":"","site-post-title":"disabled","ast-breadcrumbs-content":"","ast-featured-img":"disabled","footer-sml-layout":"","ast-disable-related-posts":"","theme-transparent-header-meta":"","adv-header-id-meta":"","stick-header-meta":"","header-above-stick-meta":"","header-main-stick-meta":"","header-below-stick-meta":"","astra-migrate-meta-layouts":"default","ast-page-background-enabled":"default","ast-page-background-meta":{"desktop":{"background-color":"","background-image":"","background-repeat":"repeat","background-position":"center center","background-size":"auto","background-attachment":"scroll","background-type":"","background-media":"","overlay-type":"","overlay-color":"","overlay-opacity":"","overlay-gradient":""},"tablet":{"background-color":"","background-image":"","background-repeat":"repeat","background-position":"center center","background-size":"auto","background-attachment":"scroll","background-type":"","background-media":"","overlay-type":"","overlay-color":"","overlay-opacity":"","overlay-gradient":""},"mobile":{"background-color":"","background-image":"","background-repeat":"repeat","background-position":"center center","background-size":"auto","background-attachment":"scroll","background-type":"","background-media":"","overlay-type":"","overlay-color":"","overlay-opacity":"","overlay-gradient":""}},"ast-content-background-meta":{"desktop":{"background-color":"var(--ast-global-color-5)","background-image":"","background-repeat":"repeat","background-position":"center center","background-size":"auto","background-attachment":"scroll","background-type":"","background-media":"","overlay-type":"","overlay-color":"","overlay-opacity":"","overlay-gradient":""},"tablet":{"background-color":"var(--ast-global-color-5)","background-image":"","background-repeat":"repeat","background-position":"center center","background-size":"auto","background-attachment":"scroll","background-type":"","background-media":"","overlay-type":"","overlay-color":"","overlay-opacity":"","overlay-gradient":""},"mobile":{"background-color":"var(--ast-global-color-5)","background-image":"","background-repeat":"repeat","background-position":"center center","background-size":"auto","background-attachment":"scroll","background-type":"","background-media":"","overlay-type":"","overlay-color":"","overlay-opacity":"","overlay-gradient":""}},"footnotes":""},"class_list":["post-569","page","type-page","status-publish","hentry"],"yoast_head":"<!-- This site is optimized with the Yoast SEO plugin v27.5 - https:\/\/yoast.com\/product\/yoast-seo-wordpress\/ -->\n<title>Services de Nettoyage Professionnel pour Entreprises avec Proxicleaner - Proxicleaner<\/title>\n<meta name=\"robots\" content=\"index, follow, max-snippet:-1, max-image-preview:large, max-video-preview:-1\" \/>\n<link rel=\"canonical\" href=\"https:\/\/proxicleaner.com\/index.php\/service-nettoyage-pour-les-professionnels-vitres-moquettes-tapis-mobiliers-landes-pays-basque\/\" \/>\n<meta property=\"og:locale\" content=\"fr_FR\" \/>\n<meta property=\"og:type\" content=\"article\" \/>\n<meta property=\"og:title\" content=\"Services de Nettoyage Professionnel pour Entreprises avec Proxicleaner - Proxicleaner\" \/>\n<meta property=\"og:description\" content=\"Nettoyage professionnel pour entreprises, h\u00f4tels, commerces et \u00e9tablissements m\u00e9dicaux Proxicleaner \u2013 Pays Basque &amp; Sud Landes Proxicleaner accompagne les entreprises, h\u00f4tels, commerces, cabinets m\u00e9dicaux, laboratoires et structures accueillant du public avec des prestations de nettoyage professionnelles, rigoureuses et adapt\u00e9es \u00e0 chaque environnement. Bas\u00e9s \u00e0 Anglet, nous couvrons tout le BAB (Bayonne, Anglet, Biarritz), ainsi que [&hellip;]\" \/>\n<meta property=\"og:url\" content=\"https:\/\/proxicleaner.com\/index.php\/service-nettoyage-pour-les-professionnels-vitres-moquettes-tapis-mobiliers-landes-pays-basque\/\" \/>\n<meta property=\"og:site_name\" content=\"Proxicleaner\" \/>\n<meta property=\"article:modified_time\" content=\"2026-01-10T15:27:14+00:00\" \/>\n<meta property=\"og:image\" content=\"https:\/\/proxicleaner.com\/wp-content\/uploads\/2025\/11\/nettoyage-entreprises-professionnels-1024x576.webp\" \/>\n<meta name=\"twitter:card\" content=\"summary_large_image\" \/>\n<meta name=\"twitter:label1\" content=\"Dur\u00e9e de lecture estim\u00e9e\" \/>\n\t<meta name=\"twitter:data1\" content=\"5 minutes\" \/>\n<script type=\"application\/ld+json\" class=\"yoast-schema-graph\">{\"@context\":\"https:\\\/\\\/schema.org\",\"@graph\":[{\"@type\":\"WebPage\",\"@id\":\"https:\\\/\\\/proxicleaner.com\\\/index.php\\\/service-nettoyage-pour-les-professionnels-vitres-moquettes-tapis-mobiliers-landes-pays-basque\\\/\",\"url\":\"https:\\\/\\\/proxicleaner.com\\\/index.php\\\/service-nettoyage-pour-les-professionnels-vitres-moquettes-tapis-mobiliers-landes-pays-basque\\\/\",\"name\":\"Services de Nettoyage Professionnel pour Entreprises avec Proxicleaner - Proxicleaner\",\"isPartOf\":{\"@id\":\"https:\\\/\\\/proxicleaner.com\\\/#website\"},\"primaryImageOfPage\":{\"@id\":\"https:\\\/\\\/proxicleaner.com\\\/index.php\\\/service-nettoyage-pour-les-professionnels-vitres-moquettes-tapis-mobiliers-landes-pays-basque\\\/#primaryimage\"},\"image\":{\"@id\":\"https:\\\/\\\/proxicleaner.com\\\/index.php\\\/service-nettoyage-pour-les-professionnels-vitres-moquettes-tapis-mobiliers-landes-pays-basque\\\/#primaryimage\"},\"thumbnailUrl\":\"https:\\\/\\\/proxicleaner.com\\\/wp-content\\\/uploads\\\/2025\\\/11\\\/nettoyage-entreprises-professionnels-1024x576.webp\",\"datePublished\":\"2023-08-21T07:10:54+00:00\",\"dateModified\":\"2026-01-10T15:27:14+00:00\",\"breadcrumb\":{\"@id\":\"https:\\\/\\\/proxicleaner.com\\\/index.php\\\/service-nettoyage-pour-les-professionnels-vitres-moquettes-tapis-mobiliers-landes-pays-basque\\\/#breadcrumb\"},\"inLanguage\":\"fr-FR\",\"potentialAction\":[{\"@type\":\"ReadAction\",\"target\":[\"https:\\\/\\\/proxicleaner.com\\\/index.php\\\/service-nettoyage-pour-les-professionnels-vitres-moquettes-tapis-mobiliers-landes-pays-basque\\\/\"]}]},{\"@type\":\"ImageObject\",\"inLanguage\":\"fr-FR\",\"@id\":\"https:\\\/\\\/proxicleaner.com\\\/index.php\\\/service-nettoyage-pour-les-professionnels-vitres-moquettes-tapis-mobiliers-landes-pays-basque\\\/#primaryimage\",\"url\":\"https:\\\/\\\/proxicleaner.com\\\/wp-content\\\/uploads\\\/2025\\\/11\\\/nettoyage-entreprises-professionnels.webp\",\"contentUrl\":\"https:\\\/\\\/proxicleaner.com\\\/wp-content\\\/uploads\\\/2025\\\/11\\\/nettoyage-entreprises-professionnels.webp\",\"width\":1920,\"height\":1080,\"caption\":\"entreprise de nettoyage pour les professionnels sur les landes et pays basque\"},{\"@type\":\"BreadcrumbList\",\"@id\":\"https:\\\/\\\/proxicleaner.com\\\/index.php\\\/service-nettoyage-pour-les-professionnels-vitres-moquettes-tapis-mobiliers-landes-pays-basque\\\/#breadcrumb\",\"itemListElement\":[{\"@type\":\"ListItem\",\"position\":1,\"name\":\"Accueil\",\"item\":\"https:\\\/\\\/proxicleaner.com\\\/\"},{\"@type\":\"ListItem\",\"position\":2,\"name\":\"Services de Nettoyage Professionnel pour Entreprises avec Proxicleaner\"}]},{\"@type\":\"WebSite\",\"@id\":\"https:\\\/\\\/proxicleaner.com\\\/#website\",\"url\":\"https:\\\/\\\/proxicleaner.com\\\/\",\"name\":\"Nettoyage professionnel \u00e0 domicile dans les Landes et le Pays Basque | ProxiCleaner\",\"description\":\"\",\"publisher\":{\"@id\":\"https:\\\/\\\/proxicleaner.com\\\/#organization\"},\"potentialAction\":[{\"@type\":\"SearchAction\",\"target\":{\"@type\":\"EntryPoint\",\"urlTemplate\":\"https:\\\/\\\/proxicleaner.com\\\/?s={search_term_string}\"},\"query-input\":{\"@type\":\"PropertyValueSpecification\",\"valueRequired\":true,\"valueName\":\"search_term_string\"}}],\"inLanguage\":\"fr-FR\"},{\"@type\":\"Organization\",\"@id\":\"https:\\\/\\\/proxicleaner.com\\\/#organization\",\"name\":\"Proxicleaner\",\"url\":\"https:\\\/\\\/proxicleaner.com\\\/\",\"logo\":{\"@type\":\"ImageObject\",\"inLanguage\":\"fr-FR\",\"@id\":\"https:\\\/\\\/proxicleaner.com\\\/#\\\/schema\\\/logo\\\/image\\\/\",\"url\":\"http:\\\/\\\/a9o.f9a.mytemp.website\\\/wp-content\\\/uploads\\\/2025\\\/04\\\/2-ICON.png\",\"contentUrl\":\"http:\\\/\\\/a9o.f9a.mytemp.website\\\/wp-content\\\/uploads\\\/2025\\\/04\\\/2-ICON.png\",\"width\":888,\"height\":930,\"caption\":\"Proxicleaner\"},\"image\":{\"@id\":\"https:\\\/\\\/proxicleaner.com\\\/#\\\/schema\\\/logo\\\/image\\\/\"}}]}<\/script>\n<!-- \/ Yoast SEO plugin. -->","yoast_head_json":{"title":"Services de Nettoyage Professionnel pour Entreprises avec Proxicleaner - Proxicleaner","robots":{"index":"index","follow":"follow","max-snippet":"max-snippet:-1","max-image-preview":"max-image-preview:large","max-video-preview":"max-video-preview:-1"},"canonical":"https:\/\/proxicleaner.com\/index.php\/service-nettoyage-pour-les-professionnels-vitres-moquettes-tapis-mobiliers-landes-pays-basque\/","og_locale":"fr_FR","og_type":"article","og_title":"Services de Nettoyage Professionnel pour Entreprises avec Proxicleaner - Proxicleaner","og_description":"Nettoyage professionnel pour entreprises, h\u00f4tels, commerces et \u00e9tablissements m\u00e9dicaux Proxicleaner \u2013 Pays Basque &amp; Sud Landes Proxicleaner accompagne les entreprises, h\u00f4tels, commerces, cabinets m\u00e9dicaux, laboratoires et structures accueillant du public avec des prestations de nettoyage professionnelles, rigoureuses et adapt\u00e9es \u00e0 chaque environnement. Bas\u00e9s \u00e0 Anglet, nous couvrons tout le BAB (Bayonne, Anglet, Biarritz), ainsi que [&hellip;]","og_url":"https:\/\/proxicleaner.com\/index.php\/service-nettoyage-pour-les-professionnels-vitres-moquettes-tapis-mobiliers-landes-pays-basque\/","og_site_name":"Proxicleaner","article_modified_time":"2026-01-10T15:27:14+00:00","og_image":[{"url":"https:\/\/proxicleaner.com\/wp-content\/uploads\/2025\/11\/nettoyage-entreprises-professionnels-1024x576.webp","type":"","width":"","height":""}],"twitter_card":"summary_large_image","twitter_misc":{"Dur\u00e9e de lecture estim\u00e9e":"5 minutes"},"schema":{"@context":"https:\/\/schema.org","@graph":[{"@type":"WebPage","@id":"https:\/\/proxicleaner.com\/index.php\/service-nettoyage-pour-les-professionnels-vitres-moquettes-tapis-mobiliers-landes-pays-basque\/","url":"https:\/\/proxicleaner.com\/index.php\/service-nettoyage-pour-les-professionnels-vitres-moquettes-tapis-mobiliers-landes-pays-basque\/","name":"Services de Nettoyage Professionnel pour Entreprises avec Proxicleaner - Proxicleaner","isPartOf":{"@id":"https:\/\/proxicleaner.com\/#website"},"primaryImageOfPage":{"@id":"https:\/\/proxicleaner.com\/index.php\/service-nettoyage-pour-les-professionnels-vitres-moquettes-tapis-mobiliers-landes-pays-basque\/#primaryimage"},"image":{"@id":"https:\/\/proxicleaner.com\/index.php\/service-nettoyage-pour-les-professionnels-vitres-moquettes-tapis-mobiliers-landes-pays-basque\/#primaryimage"},"thumbnailUrl":"https:\/\/proxicleaner.com\/wp-content\/uploads\/2025\/11\/nettoyage-entreprises-professionnels-1024x576.webp","datePublished":"2023-08-21T07:10:54+00:00","dateModified":"2026-01-10T15:27:14+00:00","breadcrumb":{"@id":"https:\/\/proxicleaner.com\/index.php\/service-nettoyage-pour-les-professionnels-vitres-moquettes-tapis-mobiliers-landes-pays-basque\/#breadcrumb"},"inLanguage":"fr-FR","potentialAction":[{"@type":"ReadAction","target":["https:\/\/proxicleaner.com\/index.php\/service-nettoyage-pour-les-professionnels-vitres-moquettes-tapis-mobiliers-landes-pays-basque\/"]}]},{"@type":"ImageObject","inLanguage":"fr-FR","@id":"https:\/\/proxicleaner.com\/index.php\/service-nettoyage-pour-les-professionnels-vitres-moquettes-tapis-mobiliers-landes-pays-basque\/#primaryimage","url":"https:\/\/proxicleaner.com\/wp-content\/uploads\/2025\/11\/nettoyage-entreprises-professionnels.webp","contentUrl":"https:\/\/proxicleaner.com\/wp-content\/uploads\/2025\/11\/nettoyage-entreprises-professionnels.webp","width":1920,"height":1080,"caption":"entreprise de nettoyage pour les professionnels sur les landes et pays basque"},{"@type":"BreadcrumbList","@id":"https:\/\/proxicleaner.com\/index.php\/service-nettoyage-pour-les-professionnels-vitres-moquettes-tapis-mobiliers-landes-pays-basque\/#breadcrumb","itemListElement":[{"@type":"ListItem","position":1,"name":"Accueil","item":"https:\/\/proxicleaner.com\/"},{"@type":"ListItem","position":2,"name":"Services de Nettoyage Professionnel pour Entreprises avec Proxicleaner"}]},{"@type":"WebSite","@id":"https:\/\/proxicleaner.com\/#website","url":"https:\/\/proxicleaner.com\/","name":"Nettoyage professionnel \u00e0 domicile dans les Landes et le Pays Basque | ProxiCleaner","description":"","publisher":{"@id":"https:\/\/proxicleaner.com\/#organization"},"potentialAction":[{"@type":"SearchAction","target":{"@type":"EntryPoint","urlTemplate":"https:\/\/proxicleaner.com\/?s={search_term_string}"},"query-input":{"@type":"PropertyValueSpecification","valueRequired":true,"valueName":"search_term_string"}}],"inLanguage":"fr-FR"},{"@type":"Organization","@id":"https:\/\/proxicleaner.com\/#organization","name":"Proxicleaner","url":"https:\/\/proxicleaner.com\/","logo":{"@type":"ImageObject","inLanguage":"fr-FR","@id":"https:\/\/proxicleaner.com\/#\/schema\/logo\/image\/","url":"http:\/\/a9o.f9a.mytemp.website\/wp-content\/uploads\/2025\/04\/2-ICON.png","contentUrl":"http:\/\/a9o.f9a.mytemp.website\/wp-content\/uploads\/2025\/04\/2-ICON.png","width":888,"height":930,"caption":"Proxicleaner"},"image":{"@id":"https:\/\/proxicleaner.com\/#\/schema\/logo\/image\/"}}]}},"_links":{"self":[{"href":"https:\/\/proxicleaner.com\/index.php\/wp-json\/wp\/v2\/pages\/569","targetHints":{"allow":["GET"]}}],"collection":[{"href":"https:\/\/proxicleaner.com\/index.php\/wp-json\/wp\/v2\/pages"}],"about":[{"href":"https:\/\/proxicleaner.com\/index.php\/wp-json\/wp\/v2\/types\/page"}],"author":[{"embeddable":true,"href":"https:\/\/proxicleaner.com\/index.php\/wp-json\/wp\/v2\/users\/3"}],"replies":[{"embeddable":true,"href":"https:\/\/proxicleaner.com\/index.php\/wp-json\/wp\/v2\/comments?post=569"}],"version-history":[{"count":61,"href":"https:\/\/proxicleaner.com\/index.php\/wp-json\/wp\/v2\/pages\/569\/revisions"}],"predecessor-version":[{"id":2536,"href":"https:\/\/proxicleaner.com\/index.php\/wp-json\/wp\/v2\/pages\/569\/revisions\/2536"}],"wp:attachment":[{"href":"https:\/\/proxicleaner.com\/index.php\/wp-json\/wp\/v2\/media?parent=569"}],"curies":[{"name":"wp","href":"https:\/\/api.w.org\/{rel}","templated":true}]}}